{"id":9,"date":"2016-04-04T08:20:34","date_gmt":"2016-04-04T08:20:34","guid":{"rendered":"http:\/\/demos.artbees.net\/jupiter5\/summanus\/?page_id=9"},"modified":"2022-02-28T14:28:19","modified_gmt":"2022-02-28T20:28:19","slug":"corporativo","status":"publish","type":"page","link":"https:\/\/avanzasaludips.com\/php\/corporativo\/","title":{"rendered":"Corporativo"},"content":{"rendered":"<p>[et_pb_section fb_built=\u00bb1&#8243; admin_label=\u00bbHero Section\u00bb _builder_version=\u00bb4.5.6&#8243; use_background_color_gradient=\u00bbon\u00bb background_color_gradient_start=\u00bb#00c1ff\u00bb background_color_gradient_end=\u00bb#a8cf45&#8243; background_color_gradient_direction=\u00bb150deg\u00bb custom_padding=\u00bb60px|0px|60px|0px\u00bb hover_enabled=\u00bb0&#8243; null=\u00bb#25efcb\u00bb background_color_gradient_start_position=\u00bb40%\u00bb][et_pb_row _builder_version=\u00bb3.25&#8243; background_size=\u00bbinitial\u00bb background_position=\u00bbtop_left\u00bb background_repeat=\u00bbrepeat\u00bb][et_pb_column type=\u00bb4_4&#8243; _builder_version=\u00bb3.25&#8243; custom_padding=\u00bb|||\u00bb custom_padding__hover=\u00bb|||\u00bb][et_pb_text _builder_version=\u00bb4.5.6&#8243; text_font=\u00bbPoppins||||||||\u00bb text_text_color=\u00bbrgba(255,255,255,0.8)\u00bb text_font_size=\u00bb18px\u00bb text_line_height=\u00bb1.8em\u00bb header_font=\u00bbPoppins|600|||||||\u00bb header_text_color=\u00bb#ffffff\u00bb header_font_size=\u00bb38px\u00bb header_3_font=\u00bbPoppins|600|||||||\u00bb header_3_font_size=\u00bb36px\u00bb header_3_line_height=\u00bb1.4em\u00bb background_layout=\u00bbdark\u00bb module_alignment=\u00bbleft\u00bb custom_margin=\u00bb|||\u00bb hover_enabled=\u00bb0&#8243; locked=\u00bboff\u00bb header_font_size_last_edited=\u00bbon|phone\u00bb header_font_size_tablet=\u00bb32px\u00bb header_font_size_phone=\u00bb24px\u00bb]<\/p>\n<h1>TRABAJAMOS FUERTE POR NUESTRA COMUNIDAD.<\/h1>\n<p>[\/et_pb_text][\/et_pb_column][\/et_pb_row][\/et_pb_section][et_pb_section fb_built=\u00bb1&#8243; admin_label=\u00bbAbout Us Section\u00bb _builder_version=\u00bb3.22&#8243; custom_padding=\u00bb50px|0px|50px|0px||\u00bb][et_pb_row _builder_version=\u00bb3.25&#8243; custom_padding=\u00bb|||\u00bb locked=\u00bboff\u00bb column_structure=\u00bb1_2,1_2&#8243;][et_pb_column type=\u00bb1_2&#8243; _builder_version=\u00bb3.25&#8243; custom_padding=\u00bb|||\u00bb custom_padding__hover=\u00bb|||\u00bb][et_pb_text _builder_version=\u00bb4.5.6&#8243; text_font=\u00bb||||||||\u00bb header_font=\u00bb||||||||\u00bb header_3_font=\u00bbPoppins|600|||||||\u00bb header_3_text_color=\u00bb#00c1ff\u00bb header_3_font_size=\u00bb36px\u00bb header_3_line_height=\u00bb1.4em\u00bb hover_enabled=\u00bb0&#8243;]<\/p>\n<h3>Rese\u00f1a Hist\u00f3rica<\/h3>\n<p>[\/et_pb_text][et_pb_text _builder_version=\u00bb4.5.6&#8243; text_font=\u00bbOpen Sans||||||||\u00bb text_text_color=\u00bb#486066&#8243; text_font_size=\u00bb15px\u00bb text_line_height=\u00bb1.8em\u00bb header_font=\u00bb||||||||\u00bb custom_margin=\u00bb||60px|\u00bb hover_enabled=\u00bb0&#8243; text_orientation=\u00bbjustified\u00bb]Avanza Salud IPS fue creada en el a\u00f1o 2012 por un grupo de profesionales que tenia como idea fundamental ayudar en la recuperaci\u00f3n de la poblaci\u00f3n infantil con necesidades especiales, en la actualidad prestas servicios de rehabilitaci\u00f3n integral a ni\u00f1os y ni\u00f1as con edades de los 0 a los 18 a\u00f1os, trabaja d\u00eda tras d\u00eda por fortalecer todos sus procesos y por brindar calidad de servicio a todos sus usuarios.[\/et_pb_text][\/et_pb_column][et_pb_column type=\u00bb1_2&#8243; _builder_version=\u00bb3.25&#8243; custom_padding=\u00bb|||\u00bb custom_padding__hover=\u00bb|||\u00bb][et_pb_image src=\u00bbhttps:\/\/avanzasaludips.com\/php\/wp-content\/uploads\/2020\/07\/whatsapp-image-2020-02-20-at-7.09.43-am-1.jpg\u00bb align_tablet=\u00bbcenter\u00bb align_last_edited=\u00bbon|desktop\u00bb _builder_version=\u00bb4.5.6&#8243; animation_style=\u00bbfade\u00bb hover_enabled=\u00bb0&#8243; title_text=\u00bbwhatsapp-image-2020-02-20-at-7.09.43-am-1&#8243; border_radii=\u00bbon|8px|8px|8px|8px\u00bb box_shadow_style=\u00bbpreset3&#8243;][\/et_pb_image][\/et_pb_column][\/et_pb_row][et_pb_row use_custom_gutter=\u00bbon\u00bb gutter_width=\u00bb2&#8243; column_padding_mobile=\u00bbon\u00bb custom_padding_last_edited=\u00bbon|phone\u00bb _builder_version=\u00bb4.5.6&#8243; background_size=\u00bbinitial\u00bb background_position=\u00bbtop_left\u00bb background_repeat=\u00bbrepeat\u00bb custom_padding=\u00bb25px||25px||false|false\u00bb custom_padding_tablet=\u00bb49px|||\u00bb custom_padding_phone=\u00bb19px|||\u00bb hover_enabled=\u00bb0&#8243; column_structure=\u00bb1_3,1_3,1_3&#8243; make_equal=\u00bbon\u00bb width=\u00bb100%\u00bb][et_pb_column type=\u00bb1_3&#8243; _builder_version=\u00bb3.25&#8243; custom_padding=\u00bb|||\u00bb custom_padding__hover=\u00bb|||\u00bb][et_pb_blurb title=\u00bbMisi\u00f3n \u00bb image=\u00bbhttps:\/\/avanzasaludips.com\/php\/wp-content\/uploads\/2020\/07\/mision.jpg\u00bb admin_label=\u00bbService\u00bb _builder_version=\u00bb4.5.6&#8243; header_font=\u00bbPoppins|600|||||||\u00bb header_text_align=\u00bbcenter\u00bb header_text_color=\u00bb#486066&#8243; header_font_size=\u00bb18px\u00bb header_line_height=\u00bb1.3em\u00bb body_font=\u00bbOpen Sans||||||||\u00bb body_text_align=\u00bbjustify\u00bb body_text_color=\u00bb#486066&#8243; background_color=\u00bb#ffffff\u00bb custom_margin=\u00bb|||\u00bb custom_padding=\u00bb40px|30px|40px|30px\u00bb animation_style=\u00bbfade\u00bb animation=\u00bboff\u00bb hover_enabled=\u00bb0&#8243; border_radii=\u00bbon|6px|6px|6px|6px\u00bb box_shadow_style=\u00bbpreset1&#8243; box_shadow_vertical=\u00bb10px\u00bb box_shadow_blur=\u00bb24px\u00bb box_shadow_spread=\u00bb6px\u00bb box_shadow_color=\u00bbrgba(0,0,0,0.06)\u00bb title_text=\u00bbmision\u00bb border_radii_image=\u00bbon|8px|8px|8px|8px\u00bb]Nuestra misi\u00f3n es colaborar con las familias para que sus hijos consigan el m\u00e1ximo desarrollo de sus capacidades de aprendizaje y socializaci\u00f3n, brind\u00e1ndoles espacios de estimulaci\u00f3n y cuidado, en un lugar donde ellos se sientas parte importante, beneficiando su desarrollo personal e intelectual, fomentando en ellos la aceptaci\u00f3n, y proporcion\u00e1ndoles la seguridad que necesitan para evolucionar en su proceso de recuperaci\u00f3n.<\/p>\n<p>[\/et_pb_blurb][\/et_pb_column][et_pb_column type=\u00bb1_3&#8243; _builder_version=\u00bb3.25&#8243; custom_padding=\u00bb|||\u00bb custom_padding__hover=\u00bb|||\u00bb][et_pb_blurb title=\u00bbVisi\u00f3n \u00bb image=\u00bbhttps:\/\/avanzasaludips.com\/php\/wp-content\/uploads\/2020\/07\/vision.jpg\u00bb admin_label=\u00bbService\u00bb _builder_version=\u00bb4.5.6&#8243; header_font=\u00bbPoppins|600|||||||\u00bb header_text_align=\u00bbcenter\u00bb header_text_color=\u00bb#486066&#8243; header_font_size=\u00bb18px\u00bb header_line_height=\u00bb1.3em\u00bb body_font=\u00bbOpen Sans||||||||\u00bb body_text_align=\u00bbjustify\u00bb body_text_color=\u00bb#486066&#8243; background_color=\u00bb#ffffff\u00bb custom_margin=\u00bb|||\u00bb custom_padding=\u00bb40px|30px|40px|30px\u00bb animation_style=\u00bbfade\u00bb animation=\u00bboff\u00bb hover_enabled=\u00bb0&#8243; border_radii=\u00bbon|6px|6px|6px|6px\u00bb box_shadow_style=\u00bbpreset1&#8243; box_shadow_vertical=\u00bb10px\u00bb box_shadow_blur=\u00bb24px\u00bb box_shadow_spread=\u00bb6px\u00bb box_shadow_color=\u00bbrgba(0,0,0,0.06)\u00bb title_text=\u00bbvision\u00bb border_radii_image=\u00bbon|8px|8px|8px|8px\u00bb]Consolidarse a nivel nacional como una entidad, integrada por profesionales al servicio de la comunidad con un alto nivel de gesti\u00f3n cl\u00ednica creando conciencia en la sociedad de que las condiciones de deterioro cognitivo y conductual deben ser toleradas y tratadas, haciendo de nuestro programa una forma en la que todos podamos hacer parte.<\/p>\n<p>[\/et_pb_blurb][\/et_pb_column][et_pb_column type=\u00bb1_3&#8243; _builder_version=\u00bb3.25&#8243; custom_padding=\u00bb|||\u00bb custom_padding__hover=\u00bb|||\u00bb][et_pb_blurb title=\u00bbValores\u00bb image=\u00bbhttps:\/\/avanzasaludips.com\/php\/wp-content\/uploads\/2020\/07\/mision.jpg\u00bb admin_label=\u00bbService\u00bb _builder_version=\u00bb4.5.6&#8243; header_font=\u00bbPoppins|600|||||||\u00bb header_text_align=\u00bbcenter\u00bb header_text_color=\u00bb#486066&#8243; header_font_size=\u00bb18px\u00bb header_line_height=\u00bb1.3em\u00bb body_font=\u00bbOpen Sans||||||||\u00bb body_text_align=\u00bbjustify\u00bb body_text_color=\u00bb#486066&#8243; background_color=\u00bb#ffffff\u00bb custom_margin=\u00bb|||\u00bb custom_padding=\u00bb40px|30px|40px|30px\u00bb animation_style=\u00bbfade\u00bb animation=\u00bboff\u00bb hover_enabled=\u00bb0&#8243; border_radii=\u00bbon|6px|6px|6px|6px\u00bb box_shadow_style=\u00bbpreset1&#8243; box_shadow_vertical=\u00bb10px\u00bb box_shadow_blur=\u00bb24px\u00bb box_shadow_spread=\u00bb6px\u00bb box_shadow_color=\u00bbrgba(0,0,0,0.06)\u00bb title_text=\u00bbmision\u00bb border_radii_image=\u00bbon|8px|8px|8px|8px\u00bb]<\/p>\n<ul>\n<li>Disciplina<\/li>\n<li>Respeto y cuidado profundo.<\/li>\n<li>Libertad y responsabilidad.<\/li>\n<li>Capacidad y apertura a los dem\u00e1s al servicio del trabajo en equipo.<\/li>\n<li>Amor y alegr\u00eda brindando un enfoque positivo.<\/li>\n<\/ul>\n<p>[\/et_pb_blurb][\/et_pb_column][\/et_pb_row][\/et_pb_section][et_pb_section fb_built=\u00bb1&#8243; admin_label=\u00bbOur Services Section\u00bb _builder_version=\u00bb3.22&#8243; background_color=\u00bb#fafbfc\u00bb custom_padding=\u00bb50px|0px|50px|0px||\u00bb][et_pb_row use_custom_gutter=\u00bbon\u00bb gutter_width=\u00bb2&#8243; column_padding_mobile=\u00bbon\u00bb custom_padding_last_edited=\u00bbon|phone\u00bb _builder_version=\u00bb3.25&#8243; background_size=\u00bbinitial\u00bb background_position=\u00bbtop_left\u00bb background_repeat=\u00bbrepeat\u00bb custom_padding=\u00bb27px|0px|27px|0px\u00bb custom_padding_tablet=\u00bb49px|||\u00bb custom_padding_phone=\u00bb19px|||\u00bb][et_pb_column type=\u00bb4_4&#8243; _builder_version=\u00bb3.25&#8243; custom_padding=\u00bb|||\u00bb custom_padding__hover=\u00bb|||\u00bb][et_pb_blurb title=\u00bbNuestra historia\u00bb admin_label=\u00bbService\u00bb _builder_version=\u00bb4.5.6&#8243; header_font=\u00bbPoppins|600|||||||\u00bb header_text_align=\u00bbcenter\u00bb header_text_color=\u00bb#00c1ff\u00bb header_font_size=\u00bb32px\u00bb header_line_height=\u00bb1.3em\u00bb body_font=\u00bbOpen Sans||||||||\u00bb body_text_align=\u00bbcenter\u00bb body_text_color=\u00bb#486066&#8243; body_line_height=\u00bb2em\u00bb background_color=\u00bb#ffffff\u00bb custom_margin=\u00bb|||\u00bb custom_padding=\u00bb40px|30px|40px|30px\u00bb animation_style=\u00bbfade\u00bb animation=\u00bboff\u00bb hover_enabled=\u00bb0&#8243; border_radii=\u00bbon|6px|6px|6px|6px\u00bb box_shadow_style=\u00bbpreset1&#8243; box_shadow_vertical=\u00bb10px\u00bb box_shadow_blur=\u00bb24px\u00bb box_shadow_spread=\u00bb6px\u00bb box_shadow_color=\u00bbrgba(0,0,0,0.06)\u00bb icon_placement=\u00bbleft\u00bb content_max_width=\u00bb95%\u00bb]<\/p>\n<p>En el a\u00f1o 2007 el diagnostico de autismo toca las puertas de una familia, todo comienza con una historia no menos parecida a la de muchos en el mundo que se enfrentan al Autismo, cuando su hijo menor de dos a\u00f1os es diagnosticado con este trastorno, es ah\u00ed donde empiezan su lucha incansable por conseguir la recuperaci\u00f3n de su peque\u00f1o angelito, estos padres deciden bajo su experiencia como m\u00e9dicos buscar diferentes t\u00e9cnicas, tomando lo mejor de cada una en este proceso; bajo esta maravillosa experiencia y la evoluci\u00f3n satisfactoria de su hijo deciden dise\u00f1ar y estructurar un protocolo. Es as\u00ed como en el a\u00f1o 2010 nace este programa en los Estados Unidos, con el fin de ayudar a otros ni\u00f1os y ni\u00f1as con capacidades diferentes como S\u00edndrome de Down, Dificultades en el aprendizaje, TDH, Par\u00e1lisis Cerebral, Moebius, entre otros, donde su fundamento est\u00e1 basado en el AMOR ES LA CLAVE DE TODO.<\/p>\n<p>El siguiente paso fue trasladar su conocimiento a Colombia con el fin de brindar la posibilidad de que otros angelitos y sus familias recibieran de manera integral esta terapia en pro a su recuperaci\u00f3n. Su hermano y Esposa, M\u00e9dicos especialistas en Colombia se suman a esta gran labor, implementando el programa en un ambiente profesional y c\u00e1lido, donde se le proporciona al menor una rehabilitaci\u00f3n integral, de forma que pueda incluirse en su entorno social, escolar y familiar, mejorando su socializaci\u00f3n, comunicaci\u00f3n, y aprendizaje teniendo siempre muy presente que <strong><span style=\"color: #00ccff;\">\u201cEL AMOR ES LA CLAVE DE TODO\u201d<\/span><\/strong>.<\/p>\n<p>[\/et_pb_blurb][\/et_pb_column][\/et_pb_row][\/et_pb_section]<\/p>\n","protected":false},"excerpt":{"rendered":"<p>TRABAJAMOS FUERTE POR NUESTRA COMUNIDAD.Rese\u00f1a Hist\u00f3ricaAvanza Salud IPS fue creada en el a\u00f1o 2012 por un grupo de profesionales que tenia como idea fundamental ayudar en la recuperaci\u00f3n de la poblaci\u00f3n infantil con necesidades especiales, en la actualidad prestas servicios de rehabilitaci\u00f3n integral a ni\u00f1os y ni\u00f1as con edades de los 0 a los 18 [&hellip;]<\/p>\n","protected":false},"author":1,"featured_media":0,"parent":0,"menu_order":0,"comment_status":"closed","ping_status":"closed","template":"","meta":{"_et_pb_use_builder":"on","_et_pb_old_content":"[mk_page_section bg_image=\"https:\/\/avanzasaludips.com\/php\/wp-content\/uploads\/2020\/07\/banner_2.jpg\" bg_color=\"rgba(123,123,123,0.48)\" blend_mode=\"multiply\" bg_repeat=\"no-repeat\" bg_stretch=\"true\" video_opacity=\"0.9\" js_vertical_centered=\"true\" padding_top=\"0\" padding_bottom=\"140\" sidebar=\"sidebar-1\"][vc_column][mk_padding_divider size=\"160\" visibility=\"hidden-sm\"][mk_padding_divider size=\"100\"][mk_fancy_title tag_name=\"h1\" color=\"#ffffff\" size=\"56\" force_font_size=\"true\" size_tablet=\"45\" line_height=\"95\" font_weight=\"bold\" txt_transform=\"uppercase\" margin_bottom=\"0\" font_family=\"Poppins\" font_type=\"google\"]Trabajamos fuerte por nuestra comunidad.[\/mk_fancy_title][\/vc_column][\/mk_page_section][vc_row][vc_column][mk_padding_divider size=\"120\"][\/vc_column][\/vc_row][vc_row][vc_column width=\"1\/2\"][mk_fancy_title tag_name=\"h3\" color=\"#a8cf45\" size=\"60\" force_font_size=\"true\" size_tablet=\"40\" size_phone=\"30\" font_weight=\"400\" txt_transform=\"capitalize\" margin_bottom=\"40\" font_family=\"Poppins\" font_type=\"google\" animation=\"top-to-bottom\"]Rese\u00f1a Hist\u00f3rica[\/mk_fancy_title][vc_column_text disable_pattern=\"false\" css=\".vc_custom_1565261979292{margin-bottom: 0px !important;}\"]\r\n<p style=\"text-align: justify;\">Avanza Salud IPS fue creada en el a\u00f1o 2012 por un grupo de profesionales que tenia como idea fundamental ayudar en la recuperaci\u00f3n de la poblaci\u00f3n infantil con necesidades especiales, en la actualidad prestas servicios de rehabilitaci\u00f3n integral a ni\u00f1os y ni\u00f1as con edades de los 0 a los 18 a\u00f1os, trabaja d\u00eda tras d\u00eda por fortalecer todos sus procesos y por brindar calidad de servicio a todos sus usuarios.<\/p>\r\n[\/vc_column_text][\/vc_column][vc_column width=\"1\/2\"][mk_image src=\"https:\/\/avanzasaludips.com\/php\/wp-content\/uploads\/2020\/07\/whatsapp-image-2020-02-20-at-7.09.43-am-1.jpg\" image_size=\"full\"][\/vc_column][\/vc_row][vc_row][vc_column][mk_padding_divider size=\"140\"][\/vc_column][\/vc_row][vc_row][vc_column width=\"1\/3\"][mk_image src=\"https:\/\/avanzasaludips.com\/php\/wp-content\/uploads\/2020\/07\/mision.jpg\" image_size=\"full\" align=\"center\" margin_bottom=\"40\"][mk_fancy_title tag_name=\"h4\" color=\"#000000\" font_weight=\"bold\" txt_transform=\"uppercase\" letter_spacing=\"3\" margin_bottom=\"0\" font_family=\"Poppins\" font_type=\"google\" align=\"center\"]Misi\u00f3n[\/mk_fancy_title][vc_column_text disable_pattern=\"false\" align=\"center\" css=\".vc_custom_1565260971497{margin-bottom: 0px !important;}\"]\r\n<p style=\"text-align: justify;\">Nuestra misi\u00f3n es colaborar con las familias para que sus hijos consigan el m\u00e1ximo desarrollo de sus capacidades de aprendizaje y socializaci\u00f3n, brind\u00e1ndoles espacios de estimulaci\u00f3n y cuidado, en un lugar donde ellos se sientas parte importante, beneficiando su desarrollo personal e intelectual, fomentando en ellos la aceptaci\u00f3n, y proporcion\u00e1ndoles la seguridad que necesitan para evolucionar en su proceso de recuperaci\u00f3n.<\/p>\r\n[\/vc_column_text][mk_padding_divider visibility=\"visible-sm\"][\/vc_column][vc_column width=\"1\/3\"][mk_image src=\"https:\/\/avanzasaludips.com\/php\/wp-content\/uploads\/2020\/07\/vision.jpg\" image_size=\"full\" align=\"center\" margin_bottom=\"40\"][mk_fancy_title tag_name=\"h4\" color=\"#000000\" font_weight=\"bold\" txt_transform=\"uppercase\" letter_spacing=\"3\" margin_bottom=\"0\" font_family=\"Poppins\" font_type=\"google\" align=\"center\"]Visi\u00f3n[\/mk_fancy_title][vc_column_text disable_pattern=\"false\" align=\"center\" css=\".vc_custom_1565261002433{margin-bottom: 0px !important;}\"]\r\n<p style=\"text-align: justify;\">Consolidarse a nivel nacional como una entidad, integrada por profesionales al servicio de la comunidad con un alto nivel de gesti\u00f3n cl\u00ednica creando conciencia en la sociedad de que las condiciones de deterioro cognitivo y conductual deben ser toleradas y tratadas, haciendo de nuestro programa una forma en la que todos podamos hacer parte.<\/p>\r\n[\/vc_column_text][mk_padding_divider visibility=\"visible-sm\"][\/vc_column][vc_column width=\"1\/3\"][mk_image src=\"https:\/\/avanzasaludips.com\/php\/wp-content\/uploads\/2020\/07\/valores-3.jpg\" image_size=\"full\" align=\"center\" margin_bottom=\"40\"][mk_fancy_title tag_name=\"h4\" color=\"#000000\" font_weight=\"bold\" txt_transform=\"uppercase\" letter_spacing=\"3\" margin_bottom=\"0\" font_family=\"Poppins\" font_type=\"google\" align=\"center\"]Valores[\/mk_fancy_title][vc_column_text disable_pattern=\"false\" align=\"center\" css=\".vc_custom_1565261754533{margin-bottom: 0px !important;}\"]\r\n<ul>\r\n \t<li style=\"text-align: left;\">Disciplina<\/li>\r\n \t<li style=\"text-align: left;\">Respeto y cuidado profundo.<\/li>\r\n \t<li style=\"text-align: left;\">Libertad y responsabilidad.<\/li>\r\n \t<li style=\"text-align: left;\">Capacidad y apertura a los dem\u00e1s al servicio del trabajo en equipo.<\/li>\r\n \t<li style=\"text-align: left;\">Amor y alegr\u00eda brindando un enfoque positivo.<\/li>\r\n<\/ul>\r\n[\/vc_column_text][\/vc_column][\/vc_row][vc_row][vc_column][mk_padding_divider size=\"140\"][\/vc_column][\/vc_row][mk_page_section bg_image=\"https:\/\/avanzasaludips.com\/php\/wp-content\/uploads\/2020\/07\/fondo-resenia.jpg\" bg_position=\"center top\" bg_repeat=\"no-repeat\" bg_stretch=\"true\" video_color_mask=\"#33a7e4\" video_opacity=\"0.9\" padding_top=\"140\" padding_bottom=\"30\" sidebar=\"sidebar-1\"][vc_column][mk_fancy_title tag_name=\"h3\" color=\"#ffffff\" size=\"86\" force_font_size=\"true\" size_tablet=\"40\" font_weight=\"400\" txt_transform=\"none\" margin_bottom=\"30\" font_family=\"Poppins\" font_type=\"google\" animation=\"top-to-bottom\"]Nuestra historia[\/mk_fancy_title][vc_row_inner][vc_column_inner width=\"2\/3\"][mk_fancy_title tag_name=\"span\" color=\"#ffffff\" force_font_size=\"true\" size_tablet=\"40\" font_weight=\"400\" txt_transform=\"none\" margin_bottom=\"30\" font_family=\"Poppins\" font_type=\"google\" animation=\"top-to-bottom\"]\r\n<p style=\"text-align: center;\">En el a\u00f1o 2007 el diagnostico de autismo toca las puertas de una familia, todo comienza con una historia no menos parecida a la de muchos en el mundo que se enfrentan al Autismo, cuando su hijo menor de dos a\u00f1os es diagnosticado con este trastorno, es ah\u00ed donde empiezan su lucha incansable por conseguir la recuperaci\u00f3n de su peque\u00f1o angelito, estos padres deciden bajo su experiencia como m\u00e9dicos buscar diferentes t\u00e9cnicas, tomando lo mejor de cada una en este proceso; bajo esta maravillosa experiencia y la evoluci\u00f3n satisfactoria de su hijo deciden dise\u00f1ar y estructurar un protocolo. Es as\u00ed como en el a\u00f1o 2010 nace este programa en los Estados Unidos, con el fin de ayudar a otros ni\u00f1os y ni\u00f1as con capacidades diferentes como S\u00edndrome de Down, Dificultades en el aprendizaje, TDH, Par\u00e1lisis Cerebral, Moebius, entre otros, donde su fundamento est\u00e1 basado en el AMOR ES LA CLAVE DE TODO.<\/p>\r\n<p style=\"text-align: center;\">El siguiente paso fue trasladar su conocimiento a Colombia con el fin de brindar la posibilidad de que otros angelitos y sus familias recibieran de manera integral esta terapia en pro a su recuperaci\u00f3n. Su hermano y Esposa, M\u00e9dicos especialistas en Colombia se suman a esta gran labor, implementando el programa en un ambiente profesional y c\u00e1lido, donde se le proporciona al menor una rehabilitaci\u00f3n integral, de forma que pueda incluirse en su entorno social, escolar y familiar, mejorando su socializaci\u00f3n, comunicaci\u00f3n, y aprendizaje teniendo siempre muy presente que \u201cEL AMOR ES LA CLAVE DE TODO\u201d.<\/p>\r\n[\/mk_fancy_title][\/vc_column_inner][vc_column_inner width=\"1\/3\"][\/vc_column_inner][\/vc_row_inner][\/vc_column][\/mk_page_section][mk_page_section bg_color=\"#a8cf45\" padding_top=\"40\" padding_bottom=\"40\" sidebar=\"sidebar-1\"][vc_column][mk_fancy_title tag_name=\"h4\" color=\"#ffffff\" size=\"48\" force_font_size=\"true\" size_tablet=\"40\" font_weight=\"400\" txt_transform=\"none\" margin_top=\"15\" margin_bottom=\"0\" font_family=\"Poppins\" font_type=\"google\" align=\"center\" animation=\"top-to-bottom\"]Inquietudes o sugerencias[\/mk_fancy_title][mk_button dimension=\"outline\" size=\"medium\" url=\"https:\/\/api.whatsapp.com\/send?phone=573184570745\" target=\"_blank\" align=\"center\" margin_bottom=\"0\" margin_right=\"0\" animation=\"fade-in\" outline_skin=\"custom\" outline_active_color=\"#ffffff\" outline_active_text_color=\"#ffffff\" outline_hover_bg_color=\"#72d5e7\" outline_hover_color=\"#ffffff\"]Escr\u00edbenos [\/mk_button][\/vc_column][\/mk_page_section]","_et_gb_content_width":"","footnotes":""},"class_list":["post-9","page","type-page","status-publish","hentry"],"_links":{"self":[{"href":"https:\/\/avanzasaludips.com\/php\/wp-json\/wp\/v2\/pages\/9","targetHints":{"allow":["GET"]}}],"collection":[{"href":"https:\/\/avanzasaludips.com\/php\/wp-json\/wp\/v2\/pages"}],"about":[{"href":"https:\/\/avanzasaludips.com\/php\/wp-json\/wp\/v2\/types\/page"}],"author":[{"embeddable":true,"href":"https:\/\/avanzasaludips.com\/php\/wp-json\/wp\/v2\/users\/1"}],"replies":[{"embeddable":true,"href":"https:\/\/avanzasaludips.com\/php\/wp-json\/wp\/v2\/comments?post=9"}],"version-history":[{"count":0,"href":"https:\/\/avanzasaludips.com\/php\/wp-json\/wp\/v2\/pages\/9\/revisions"}],"wp:attachment":[{"href":"https:\/\/avanzasaludips.com\/php\/wp-json\/wp\/v2\/media?parent=9"}],"curies":[{"name":"wp","href":"https:\/\/api.w.org\/{rel}","templated":true}]}}