{"id":5192,"date":"2016-01-06T10:52:12","date_gmt":"2016-01-06T16:52:12","guid":{"rendered":"https:\/\/avanzasaludips.com\/php\/?page_id=5192"},"modified":"2022-02-28T14:56:31","modified_gmt":"2022-02-28T20:56:31","slug":"especialistas","status":"publish","type":"page","link":"https:\/\/avanzasaludips.com\/php\/especialistas\/","title":{"rendered":"Especialistas"},"content":{"rendered":"<p>[et_pb_section fb_built=\u00bb1&#8243; admin_label=\u00bbHero Section\u00bb _builder_version=\u00bb4.5.6&#8243; use_background_color_gradient=\u00bbon\u00bb background_color_gradient_start=\u00bb#00c1ff\u00bb background_color_gradient_end=\u00bb#a8cf45&#8243; background_color_gradient_direction=\u00bb150deg\u00bb background_color_gradient_start_position=\u00bb40%\u00bb custom_padding=\u00bb60px|0px|60px|0px\u00bb][et_pb_row _builder_version=\u00bb3.25&#8243; background_size=\u00bbinitial\u00bb background_position=\u00bbtop_left\u00bb background_repeat=\u00bbrepeat\u00bb][et_pb_column type=\u00bb4_4&#8243; _builder_version=\u00bb3.25&#8243; custom_padding=\u00bb|||\u00bb custom_padding__hover=\u00bb|||\u00bb][et_pb_text _builder_version=\u00bb4.5.6&#8243; text_font=\u00bbPoppins||||||||\u00bb text_text_color=\u00bbrgba(255,255,255,0.8)\u00bb text_font_size=\u00bb18px\u00bb text_line_height=\u00bb1.8em\u00bb header_font=\u00bbPoppins|600|||||||\u00bb header_text_color=\u00bb#ffffff\u00bb header_font_size=\u00bb38px\u00bb header_3_font=\u00bbPoppins|600|||||||\u00bb header_3_font_size=\u00bb36px\u00bb header_3_line_height=\u00bb1.4em\u00bb background_layout=\u00bbdark\u00bb module_alignment=\u00bbleft\u00bb custom_margin=\u00bb|||\u00bb hover_enabled=\u00bb0&#8243; header_font_size_tablet=\u00bb32px\u00bb header_font_size_phone=\u00bb24px\u00bb header_font_size_last_edited=\u00bbon|phone\u00bb locked=\u00bboff\u00bb]NUESTROS SERVICIOS<\/p>\n<h1>Especialistas<\/h1>\n<p> [\/et_pb_text][\/et_pb_column][\/et_pb_row][\/et_pb_section][et_pb_section fb_built=\u00bb1&#8243; admin_label=\u00bbAbout Us Section\u00bb _builder_version=\u00bb3.22&#8243; custom_padding=\u00bb50px|0px|0px|0px||\u00bb][et_pb_row column_structure=\u00bb1_2,1_2&#8243; _builder_version=\u00bb4.5.6&#8243; custom_padding=\u00bb|||\u00bb locked=\u00bboff\u00bb][et_pb_column type=\u00bb1_2&#8243; _builder_version=\u00bb3.25&#8243; custom_padding=\u00bb|||\u00bb custom_padding__hover=\u00bb|||\u00bb][et_pb_image src=\u00bbhttps:\/\/avanzasaludips.com\/php\/wp-content\/uploads\/2020\/07\/f-1.jpg\u00bb title_text=\u00bbf\u00bb align_tablet=\u00bbcenter\u00bb align_phone=\u00bb\u00bb align_last_edited=\u00bbon|desktop\u00bb _builder_version=\u00bb4.5.6&#8243; animation_style=\u00bbfade\u00bb border_radii=\u00bbon|8px|8px|8px|8px\u00bb box_shadow_style=\u00bbpreset3&#8243;][\/et_pb_image][\/et_pb_column][et_pb_column type=\u00bb1_2&#8243; _builder_version=\u00bb3.25&#8243; custom_padding=\u00bb|||\u00bb custom_padding__hover=\u00bb|||\u00bb][et_pb_text _builder_version=\u00bb4.5.6&#8243; text_font=\u00bb||||||||\u00bb header_font=\u00bb||||||||\u00bb header_3_font=\u00bbPoppins|600|||||||\u00bb header_3_text_color=\u00bb#00c1ff\u00bb header_3_font_size=\u00bb36px\u00bb header_3_line_height=\u00bb1.4em\u00bb header_3_font_size_tablet=\u00bb\u00bb header_3_font_size_phone=\u00bb27px\u00bb header_3_font_size_last_edited=\u00bbon|phone\u00bb]<\/p>\n<h3>FISIOTERAPIA<\/h3>\n<p>[\/et_pb_text][et_pb_text _builder_version=\u00bb4.5.6&#8243; text_font=\u00bbOpen Sans||||||||\u00bb text_text_color=\u00bb#486066&#8243; text_font_size=\u00bb15px\u00bb text_line_height=\u00bb1.8em\u00bb header_font=\u00bb||||||||\u00bb background_enable_color=\u00bboff\u00bb text_orientation=\u00bbjustified\u00bb custom_margin=\u00bb||60px|\u00bb]<\/p>\n<p>La Fisioterapia es una profesi\u00f3n de las ciencias de la salud, caracterizada por buscar un desarrollo adecuado de las funciones de los sistemas del cuerpo, utilizando como herramienta principal el m\u00e9todo Joining Program, en el cual se pretende mejorar la planeaci\u00f3n motora, la integraci\u00f3n sensorial y el aprendizaje de habilidades sensorio motoras, con el fin de potencializarlas y as\u00ed favorecer la rehabilitaci\u00f3n integral de los ni\u00f1os y j\u00f3venes, fomentando su adecuado desarrollo motor y la m\u00e1xima independencia funcional.<\/p>\n<p><strong><span style=\"color: #a8cf45;\">Las \u00e1reas de intervenci\u00f3n desde el \u00e1rea de Fisioterapia son:<\/span><\/strong><\/p>\n<ul>\n<li>Rehabilitaci\u00f3n neurol\u00f3gica<\/li>\n<li>Rehabilitaci\u00f3n en alteraciones del aparato locomotor.<\/li>\n<\/ul>\n<p>[\/et_pb_text][\/et_pb_column][\/et_pb_row][\/et_pb_section][et_pb_section fb_built=\u00bb1&#8243; admin_label=\u00bbOur Services Section\u00bb _builder_version=\u00bb3.22&#8243; background_color=\u00bb#fafbfc\u00bb custom_padding=\u00bb50px|0px|50px|0px||\u00bb][et_pb_row column_structure=\u00bb1_2,1_2&#8243; _builder_version=\u00bb4.5.6&#8243; custom_padding=\u00bb||0px|||\u00bb locked=\u00bboff\u00bb][et_pb_column type=\u00bb1_2&#8243; _builder_version=\u00bb3.25&#8243; custom_padding=\u00bb|||\u00bb custom_padding__hover=\u00bb|||\u00bb][et_pb_image src=\u00bbhttps:\/\/avanzasaludips.com\/php\/wp-content\/uploads\/2020\/07\/to_especialistas-1.jpg\u00bb title_text=\u00bbto_especialistas\u00bb align_tablet=\u00bbcenter\u00bb align_phone=\u00bb\u00bb align_last_edited=\u00bbon|desktop\u00bb _builder_version=\u00bb4.5.6&#8243; animation_style=\u00bbfade\u00bb border_radii=\u00bbon|8px|8px|8px|8px\u00bb box_shadow_style=\u00bbpreset3&#8243;][\/et_pb_image][\/et_pb_column][et_pb_column type=\u00bb1_2&#8243; _builder_version=\u00bb3.25&#8243; custom_padding=\u00bb|||\u00bb custom_padding__hover=\u00bb|||\u00bb][et_pb_text _builder_version=\u00bb4.5.6&#8243; text_font=\u00bb||||||||\u00bb header_font=\u00bb||||||||\u00bb header_3_font=\u00bbPoppins|600|||||||\u00bb header_3_text_color=\u00bb#00c1ff\u00bb header_3_font_size=\u00bb36px\u00bb header_3_line_height=\u00bb1.4em\u00bb header_3_font_size_tablet=\u00bb\u00bb header_3_font_size_phone=\u00bb26px\u00bb header_3_font_size_last_edited=\u00bbon|phone\u00bb]<\/p>\n<h3>TERAPIA OCUPACIONAL<br \/>\n<\/h3>\n<p>[\/et_pb_text][et_pb_text _builder_version=\u00bb4.5.6&#8243; text_font=\u00bbOpen Sans||||||||\u00bb text_text_color=\u00bb#486066&#8243; text_font_size=\u00bb15px\u00bb text_line_height=\u00bb1.8em\u00bb header_font=\u00bb||||||||\u00bb background_enable_color=\u00bboff\u00bb text_orientation=\u00bbjustified\u00bb custom_margin=\u00bb||60px|\u00bb]<\/p>\n<p>Disciplina que utiliza un conjunto de m\u00e9todos y t\u00e9cnicas a trav\u00e9s de actividades con prop\u00f3sito, restaurando, manteniendo y previniendo la salud integral de los ni\u00f1os y j\u00f3venes, buscando conseguir la mayor independencia en sus componentes y A.V.D (Actividades de la vida Diaria).<\/p>\n<p><strong><span style=\"color: #a8cf45;\">Las \u00e1reas de Terapia Ocupacional en intervenci\u00f3n con ni\u00f1os y j\u00f3venes:<br \/> <\/span><\/strong><\/p>\n<ul>\n<li><span>Componente Sensorio- motor.<\/span><\/li>\n<li><span>Integraci\u00f3n cognitiva y componentes cognitivos.<\/span><\/li>\n<li><span>Destrezas psicosociales y Componentes Psicol\u00f3gicos (familiar- Educativo).<\/span><\/li>\n<li><span>\u00c1reas del desempe\u00f1o Ocupacional.\u00a0<\/span><\/li>\n<\/ul>\n<p>[\/et_pb_text][\/et_pb_column][\/et_pb_row][\/et_pb_section][et_pb_section fb_built=\u00bb1&#8243; admin_label=\u00bbAbout Us Section\u00bb _builder_version=\u00bb3.22&#8243; custom_padding=\u00bb50px|0px|0px|0px||\u00bb][et_pb_row column_structure=\u00bb1_2,1_2&#8243; _builder_version=\u00bb4.5.6&#8243; custom_padding=\u00bb|||\u00bb locked=\u00bboff\u00bb][et_pb_column type=\u00bb1_2&#8243; _builder_version=\u00bb3.25&#8243; custom_padding=\u00bb|||\u00bb custom_padding__hover=\u00bb|||\u00bb][et_pb_image src=\u00bbhttps:\/\/avanzasaludips.com\/php\/wp-content\/uploads\/2020\/07\/edu_e_especialistas-1.jpg\u00bb title_text=\u00bbedu_e_especialistas\u00bb align_tablet=\u00bbcenter\u00bb align_phone=\u00bb\u00bb align_last_edited=\u00bbon|desktop\u00bb _builder_version=\u00bb4.5.6&#8243; animation_style=\u00bbfade\u00bb border_radii=\u00bbon|8px|8px|8px|8px\u00bb box_shadow_style=\u00bbpreset3&#8243;][\/et_pb_image][\/et_pb_column][et_pb_column type=\u00bb1_2&#8243; _builder_version=\u00bb3.25&#8243; custom_padding=\u00bb|||\u00bb custom_padding__hover=\u00bb|||\u00bb][et_pb_text _builder_version=\u00bb4.5.6&#8243; text_font=\u00bb||||||||\u00bb header_font=\u00bb||||||||\u00bb header_3_font=\u00bbPoppins|600|||||||\u00bb header_3_text_color=\u00bb#00c1ff\u00bb header_3_font_size=\u00bb36px\u00bb header_3_line_height=\u00bb1.4em\u00bb header_3_font_size_tablet=\u00bb\u00bb header_3_font_size_phone=\u00bb27px\u00bb header_3_font_size_last_edited=\u00bbon|phone\u00bb]<\/p>\n<h3>EDUCACI\u00d3N ESPECIAL<br \/>\n<\/h3>\n<p>[\/et_pb_text][et_pb_text _builder_version=\u00bb4.5.6&#8243; text_font=\u00bbOpen Sans||||||||\u00bb text_text_color=\u00bb#486066&#8243; text_font_size=\u00bb15px\u00bb text_line_height=\u00bb1.8em\u00bb header_font=\u00bb||||||||\u00bb background_enable_color=\u00bboff\u00bb text_orientation=\u00bbjustified\u00bb custom_margin=\u00bb||60px|\u00bb]Las principales funciones de esta \u00e1rea son evaluar y realizar un proceso de intervenci\u00f3n terap\u00e9utico que potencie los Dispositivos B\u00e1sicos del Aprendizaje y brinde estrategias a los menores, con el fin de fortalecer procesos escolares que le permitan mejorar el rendimiento acad\u00e9mico, social y familiar, de forma que superen las dificultades que por las caracter\u00edsticas inherentes a sus diagn\u00f3sticos puedan presentar.[\/et_pb_text][\/et_pb_column][\/et_pb_row][\/et_pb_section][et_pb_section fb_built=\u00bb1&#8243; admin_label=\u00bbOur Services Section\u00bb _builder_version=\u00bb3.22&#8243; background_color=\u00bb#fafbfc\u00bb custom_padding=\u00bb50px|0px|50px|0px||\u00bb][et_pb_row column_structure=\u00bb1_2,1_2&#8243; _builder_version=\u00bb4.5.6&#8243; custom_padding=\u00bb||0px|||\u00bb locked=\u00bboff\u00bb][et_pb_column type=\u00bb1_2&#8243; _builder_version=\u00bb3.25&#8243; custom_padding=\u00bb|||\u00bb custom_padding__hover=\u00bb|||\u00bb][et_pb_image src=\u00bbhttps:\/\/avanzasaludips.com\/php\/wp-content\/uploads\/2020\/07\/fono_especialistas.jpg\u00bb title_text=\u00bbfono_especialistas\u00bb align_tablet=\u00bbcenter\u00bb align_phone=\u00bb\u00bb align_last_edited=\u00bbon|desktop\u00bb _builder_version=\u00bb4.5.6&#8243; animation_style=\u00bbfade\u00bb border_radii=\u00bbon|8px|8px|8px|8px\u00bb box_shadow_style=\u00bbpreset3&#8243;][\/et_pb_image][\/et_pb_column][et_pb_column type=\u00bb1_2&#8243; _builder_version=\u00bb3.25&#8243; custom_padding=\u00bb|||\u00bb custom_padding__hover=\u00bb|||\u00bb][et_pb_text _builder_version=\u00bb4.5.6&#8243; text_font=\u00bb||||||||\u00bb header_font=\u00bb||||||||\u00bb header_3_font=\u00bbPoppins|600|||||||\u00bb header_3_text_color=\u00bb#00c1ff\u00bb header_3_font_size=\u00bb36px\u00bb header_3_line_height=\u00bb1.4em\u00bb header_3_font_size_tablet=\u00bb\u00bb header_3_font_size_phone=\u00bb26px\u00bb header_3_font_size_last_edited=\u00bbon|phone\u00bb]<\/p>\n<h3>FONOAUDIOLOGIA<br \/>\n<\/h3>\n<p>[\/et_pb_text][et_pb_text _builder_version=\u00bb4.5.6&#8243; text_font=\u00bbOpen Sans||||||||\u00bb text_text_color=\u00bb#486066&#8243; text_font_size=\u00bb15px\u00bb text_line_height=\u00bb1.8em\u00bb header_font=\u00bb||||||||\u00bb background_enable_color=\u00bboff\u00bb text_orientation=\u00bbjustified\u00bb custom_margin=\u00bb||60px|\u00bb]La fonoaudiolog\u00eda es una disciplina del \u00e1rea de la salud que eval\u00faa, diagn\u00f3stica y rehabilita en los procesos de la comunicaci\u00f3n humana y sus posibles alteraciones tales como el lenguaje, habla y audici\u00f3n, con el objetivo de lograr un desempe\u00f1o comunicativo del individuo con y sin discapacidad cognitiva.<\/p>\n<p><strong><span style=\"color: #a8cf45;\">TERAPIA MIOFUNCIONAL<\/span><\/strong><\/p>\n<p>La terapia miofuncional es aquella encargada de conseguir las funciones motoras y neurovegetativas (respiraci\u00f3n, succi\u00f3n, degluci\u00f3n y masticaci\u00f3n, los cuales intervienen en el proceso de alimentaci\u00f3n) y de entrenar la musculatura oro facial (labios, lengua, m\u00fasculos periorales e intraorales, paladar duro, velo del paladar y arcadas dentarias) para la articulaci\u00f3n del habla[\/et_pb_text][\/et_pb_column][\/et_pb_row][\/et_pb_section][et_pb_section fb_built=\u00bb1&#8243; admin_label=\u00bbAbout Us Section\u00bb _builder_version=\u00bb3.22&#8243; custom_padding=\u00bb50px|0px|0px|0px||\u00bb][et_pb_row column_structure=\u00bb1_2,1_2&#8243; _builder_version=\u00bb4.5.6&#8243; custom_padding=\u00bb|||\u00bb locked=\u00bboff\u00bb][et_pb_column type=\u00bb1_2&#8243; _builder_version=\u00bb3.25&#8243; custom_padding=\u00bb|||\u00bb custom_padding__hover=\u00bb|||\u00bb][et_pb_image src=\u00bbhttps:\/\/avanzasaludips.com\/php\/wp-content\/uploads\/2020\/07\/psico_especialistas.jpg\u00bb title_text=\u00bbpsico_especialistas\u00bb align_tablet=\u00bbcenter\u00bb align_phone=\u00bb\u00bb align_last_edited=\u00bbon|desktop\u00bb _builder_version=\u00bb4.5.6&#8243; animation_style=\u00bbfade\u00bb border_radii=\u00bbon|8px|8px|8px|8px\u00bb box_shadow_style=\u00bbpreset3&#8243;][\/et_pb_image][\/et_pb_column][et_pb_column type=\u00bb1_2&#8243; _builder_version=\u00bb3.25&#8243; custom_padding=\u00bb|||\u00bb custom_padding__hover=\u00bb|||\u00bb][et_pb_text _builder_version=\u00bb4.5.6&#8243; text_font=\u00bb||||||||\u00bb header_font=\u00bb||||||||\u00bb header_3_font=\u00bbPoppins|600|||||||\u00bb header_3_text_color=\u00bb#00c1ff\u00bb header_3_font_size=\u00bb36px\u00bb header_3_line_height=\u00bb1.4em\u00bb header_3_font_size_tablet=\u00bb\u00bb header_3_font_size_phone=\u00bb27px\u00bb header_3_font_size_last_edited=\u00bbon|phone\u00bb]<\/p>\n<h3>PSICOLOGIA<\/h3>\n<p>[\/et_pb_text][et_pb_text _builder_version=\u00bb4.5.6&#8243; text_font=\u00bbOpen Sans||||||||\u00bb text_text_color=\u00bb#486066&#8243; text_font_size=\u00bb15px\u00bb text_line_height=\u00bb1.8em\u00bb header_font=\u00bb||||||||\u00bb background_enable_color=\u00bboff\u00bb text_orientation=\u00bbjustified\u00bb custom_margin=\u00bb||60px|\u00bb]<strong><span style=\"color: #a8cf45;\">TERAPIA COMPORTAMENTAL (ABA)<\/p>\n<p><\/span><\/strong><\/p>\n<p>La psicolog\u00eda como disciplina acad\u00e9mica est\u00e1 enfocada en el an\u00e1lisis y la comprensi\u00f3n de la conducta humana y de los procesos mentales experimentados por individuos y por grupos sociales durante momentos y situaciones determinadas.<\/p>\n<p>En este sentido desde la perspectiva del \u00e1rea se interesa fortalecer en diversos procesos Como la percepci\u00f3n, la motivaci\u00f3n, la inteligencia, el aprendizaje, el pensamiento, la personalidad, habilidades sociales, como tambi\u00e9n funcionamiento bioqu\u00edmico del cerebro.[\/et_pb_text][\/et_pb_column][\/et_pb_row][\/et_pb_section][et_pb_section fb_built=\u00bb1&#8243; admin_label=\u00bbOur Services Section\u00bb _builder_version=\u00bb3.22&#8243; background_color=\u00bb#fafbfc\u00bb custom_padding=\u00bb50px|0px|50px|0px||\u00bb][et_pb_row column_structure=\u00bb1_2,1_2&#8243; _builder_version=\u00bb4.5.6&#8243; custom_padding=\u00bb||0px|||\u00bb locked=\u00bboff\u00bb][et_pb_column type=\u00bb1_2&#8243; _builder_version=\u00bb3.25&#8243; custom_padding=\u00bb|||\u00bb custom_padding__hover=\u00bb|||\u00bb][et_pb_image src=\u00bbhttps:\/\/avanzasaludips.com\/php\/wp-content\/uploads\/2020\/07\/otros-servicios.jpg\u00bb title_text=\u00bbotros-servicios\u00bb align_tablet=\u00bbcenter\u00bb align_phone=\u00bb\u00bb align_last_edited=\u00bbon|desktop\u00bb _builder_version=\u00bb4.5.6&#8243; animation_style=\u00bbfade\u00bb border_radii=\u00bbon|8px|8px|8px|8px\u00bb box_shadow_style=\u00bbpreset3&#8243;][\/et_pb_image][\/et_pb_column][et_pb_column type=\u00bb1_2&#8243; _builder_version=\u00bb3.25&#8243; custom_padding=\u00bb|||\u00bb custom_padding__hover=\u00bb|||\u00bb][et_pb_text _builder_version=\u00bb4.5.6&#8243; text_font=\u00bb||||||||\u00bb header_font=\u00bb||||||||\u00bb header_3_font=\u00bbPoppins|600|||||||\u00bb header_3_text_color=\u00bb#00c1ff\u00bb header_3_font_size=\u00bb36px\u00bb header_3_line_height=\u00bb1.4em\u00bb header_3_font_size_tablet=\u00bb\u00bb header_3_font_size_phone=\u00bb26px\u00bb header_3_font_size_last_edited=\u00bbon|phone\u00bb]<\/p>\n<h3>OTROS SERVICIOS<\/h3>\n<p>[\/et_pb_text][et_pb_text _builder_version=\u00bb4.5.6&#8243; text_font=\u00bbOpen Sans||||||||\u00bb text_text_color=\u00bb#486066&#8243; text_font_size=\u00bb15px\u00bb text_line_height=\u00bb1.8em\u00bb header_font=\u00bb||||||||\u00bb background_enable_color=\u00bboff\u00bb text_orientation=\u00bbjustified\u00bb custom_margin=\u00bb||60px|\u00bb]<\/p>\n<ul>\n<li>Neurolog\u00eda<\/li>\n<li>Neuropsicolog\u00eda<\/li>\n<\/ul>\n<p>[\/et_pb_text][\/et_pb_column][\/et_pb_row][\/et_pb_section]<\/p>\n","protected":false},"excerpt":{"rendered":"<p>NUESTROS SERVICIOS Especialistas FISIOTERAPIALa Fisioterapia es una profesi\u00f3n de las ciencias de la salud, caracterizada por buscar un desarrollo adecuado de las funciones de los sistemas del cuerpo, utilizando como herramienta principal el m\u00e9todo Joining Program, en el cual se pretende mejorar la planeaci\u00f3n motora, la integraci\u00f3n sensorial y el aprendizaje de habilidades sensorio motoras, [&hellip;]<\/p>\n","protected":false},"author":1,"featured_media":0,"parent":0,"menu_order":0,"comment_status":"closed","ping_status":"closed","template":"","meta":{"_et_pb_use_builder":"on","_et_pb_old_content":"[mk_page_section layout_structure=\"half_left\" bg_image=\"https:\/\/avanzasaludips.com\/php\/wp-content\/uploads\/2020\/07\/f-1.jpg\" bg_image_portrait=\"https:\/\/avanzasaludips.com\/php\/wp-content\/uploads\/2020\/07\/f-1.jpg\" min_height=\"720\" animation=\"right-to-left\"][vc_column][mk_padding_divider size=\"100\"][mk_fancy_title color=\"#000000\" size=\"32\" force_font_size=\"true\" size_tablet=\"24\" size_phone=\"26\" font_weight=\"bold\" txt_transform=\"uppercase\" margin_bottom=\"0\" font_family=\"none\" responsive_align=\"left\" animation=\"left-to-right\"]FISIOTERAPIA[\/mk_fancy_title][vc_column_text disable_pattern=\"false\" css=\".vc_custom_1594225136926{margin-bottom: 0px !important;}\"]\r\n<p style=\"text-align: justify;\"><span style=\"color: #8f8f8f;\">La Fisioterapia es una profesi\u00f3n de las ciencias de la salud, caracterizada por buscar un desarrollo adecuado de las funciones de los sistemas del cuerpo, utilizando como herramienta principal el m\u00e9todo Joining Program, en el cual se pretende mejorar la planeaci\u00f3n motora, la integraci\u00f3n sensorial y el aprendizaje de habilidades sensorio motoras, con el fin de potencializarlas y as\u00ed favorecer la rehabilitaci\u00f3n integral de los ni\u00f1os y j\u00f3venes, fomentando su adecuado desarrollo motor y la m\u00e1xima independencia funcional. <\/span><\/p>\r\n<p style=\"text-align: justify;\"><span style=\"color: #8f8f8f;\">Las \u00e1reas de intervenci\u00f3n desde el \u00e1rea de Fisioterapia son:\r\nRehabilitaci\u00f3n neurol\u00f3gica\r\nRehabilitaci\u00f3n en alteraciones del aparato locomotor.\r\n<\/span><\/p>\r\n[\/vc_column_text][mk_padding_divider size=\"30\" visibility=\"visible-sm\"][mk_padding_divider size=\"60\" visibility=\"visible-sm\"][\/vc_column][\/mk_page_section][mk_page_section layout_structure=\"half_right\" bg_image=\"https:\/\/avanzasaludips.com\/php\/wp-content\/uploads\/2020\/07\/to_especialistas-1.jpg\" bg_image_portrait=\"https:\/\/avanzasaludips.com\/php\/wp-content\/uploads\/2020\/07\/to_especialistas-1.jpg\" min_height=\"720\"][vc_column][mk_padding_divider size=\"100\"][mk_fancy_title color=\"#000000\" size=\"32\" force_font_size=\"true\" size_tablet=\"24\" size_phone=\"26\" font_weight=\"bold\" txt_transform=\"uppercase\" margin_bottom=\"0\" font_family=\"none\" responsive_align=\"left\" animation=\"left-to-right\"]TERAPIA OCUPACIONAL[\/mk_fancy_title][vc_column_text disable_pattern=\"false\" css=\".vc_custom_1594225614468{margin-bottom: 0px !important;}\"]\r\n<p style=\"text-align: justify;\"><span style=\"color: #8f8f8f;\">Disciplina que utiliza un conjunto de m\u00e9todos y t\u00e9cnicas a trav\u00e9s de actividades con prop\u00f3sito, restaurando, manteniendo y previniendo la salud integral de los ni\u00f1os y j\u00f3venes, buscando conseguir la mayor independencia en sus componentes y A.V.D (Actividades de la vida Diaria). <\/span><\/p>\r\n<p style=\"text-align: justify;\"><span style=\"color: #8f8f8f;\">Las \u00e1reas de Terapia Ocupacional en intervenci\u00f3n con ni\u00f1os y j\u00f3venes:\r\n- Componente Sensorio- motor.\r\n- Integraci\u00f3n cognitiva y componentes cognitivos\r\n- Destrezas psicosociales y Componentes Psicol\u00f3gicos (familiar- Educativo).\r\n- \u00c1reas del desempe\u00f1o Ocupacional.\u00a0<\/span><\/p>\r\n[\/vc_column_text][mk_padding_divider visibility=\"visible-sm\"][mk_padding_divider size=\"60\" visibility=\"visible-sm\"][\/vc_column][\/mk_page_section][mk_page_section layout_structure=\"half_left\" bg_image=\"https:\/\/avanzasaludips.com\/php\/wp-content\/uploads\/2020\/07\/edu_e_especialistas-1.jpg\" bg_image_portrait=\"https:\/\/avanzasaludips.com\/php\/wp-content\/uploads\/2020\/07\/edu_e_especialistas-1.jpg\" min_height=\"720\"][vc_column][mk_padding_divider size=\"100\"][mk_fancy_title color=\"#000000\" size=\"32\" force_font_size=\"true\" size_tablet=\"24\" size_phone=\"26\" font_weight=\"bold\" txt_transform=\"uppercase\" margin_bottom=\"0\" font_family=\"none\" responsive_align=\"left\" animation=\"left-to-right\"]EDUCACI\u00d3N ESPECIAL[\/mk_fancy_title][vc_column_text disable_pattern=\"false\" css=\".vc_custom_1565813472502{margin-bottom: 0px !important;}\"]\r\n<p style=\"text-align: justify;\"><span style=\"color: #8f8f8f;\">Las principales funciones de esta \u00e1rea son evaluar y realizar un proceso de intervenci\u00f3n terap\u00e9utico que potencie los Dispositivos B\u00e1sicos del Aprendizaje y brinde estrategias a los menores, con el fin de fortalecer procesos escolares que le permitan mejorar el rendimiento acad\u00e9mico, social y familiar, de forma que superen las dificultades que por las caracter\u00edsticas inherentes a sus diagn\u00f3sticos puedan presentar.<\/span><\/p>\r\n[\/vc_column_text][mk_padding_divider size=\"60\" visibility=\"visible-sm\"][\/vc_column][\/mk_page_section][mk_page_section layout_structure=\"half_right\" bg_image=\"https:\/\/avanzasaludips.com\/php\/wp-content\/uploads\/2020\/07\/fono_especialistas.jpg\" bg_image_portrait=\"https:\/\/avanzasaludips.com\/php\/wp-content\/uploads\/2020\/07\/fono_especialistas.jpg\" min_height=\"720\"][vc_column][mk_padding_divider size=\"100\"][mk_fancy_title color=\"#000000\" size=\"32\" force_font_size=\"true\" size_tablet=\"24\" size_phone=\"26\" font_weight=\"bold\" txt_transform=\"uppercase\" margin_bottom=\"0\" font_family=\"none\" responsive_align=\"left\" animation=\"left-to-right\"]FONOAUDIOLOGIA[\/mk_fancy_title][mk_fancy_title tag_name=\"span\" color=\"#000000\" size=\"16\" font_weight=\"bold\" txt_transform=\"uppercase\" margin_bottom=\"0\" font_family=\"none\"]Fonoaudiolog\u00eda[\/mk_fancy_title][vc_column_text disable_pattern=\"false\" css=\".vc_custom_1594225730063{margin-bottom: 0px !important;}\"]\r\n<p style=\"text-align: justify;\">La fonoaudiolog\u00eda es una disciplina del \u00e1rea de la salud que eval\u00faa, diagn\u00f3stica y rehabilita en los procesos de la comunicaci\u00f3n humana y sus posibles alteraciones tales como el lenguaje, habla y audici\u00f3n, con el objetivo de lograr un desempe\u00f1o comunicativo del individuo con y sin discapacidad cognitiva.<\/p>\r\n[\/vc_column_text][mk_fancy_title tag_name=\"span\" color=\"#000000\" size=\"16\" font_weight=\"bold\" txt_transform=\"uppercase\" margin_bottom=\"0\" font_family=\"none\"]Terapia Miofuncional[\/mk_fancy_title][vc_column_text disable_pattern=\"false\" css=\".vc_custom_1594225776412{margin-bottom: 0px !important;}\"]\r\n<p style=\"text-align: justify;\">La terapia miofuncional es aquella encargada de conseguir las funciones motoras y neurovegetativas (respiraci\u00f3n, succi\u00f3n, degluci\u00f3n y masticaci\u00f3n, los cuales intervienen en el proceso de alimentaci\u00f3n) y de entrenar la musculatura oro facial (labios, lengua, m\u00fasculos periorales e intraorales, paladar duro, velo del paladar y arcadas dentarias) para la articulaci\u00f3n del habla<\/p>\r\n[\/vc_column_text][mk_padding_divider size=\"60\" visibility=\"visible-sm\"][\/vc_column][\/mk_page_section][mk_page_section layout_structure=\"half_left\" bg_image=\"https:\/\/avanzasaludips.com\/php\/wp-content\/uploads\/2020\/07\/psico_especialistas.jpg\" bg_image_portrait=\"https:\/\/avanzasaludips.com\/php\/wp-content\/uploads\/2020\/07\/psico_especialistas.jpg\" min_height=\"720\"][vc_column][mk_padding_divider size=\"100\"][mk_fancy_title color=\"#000000\" size=\"32\" force_font_size=\"true\" size_tablet=\"24\" size_phone=\"26\" font_weight=\"bold\" txt_transform=\"uppercase\" margin_bottom=\"0\" font_family=\"none\" responsive_align=\"left\" animation=\"left-to-right\"]PSICOLOGIA[\/mk_fancy_title][mk_fancy_title tag_name=\"span\" color=\"#000000\" size=\"16\" font_weight=\"bold\" txt_transform=\"uppercase\" margin_bottom=\"0\" font_family=\"none\"]Terapia Comportamental (ABA)[\/mk_fancy_title][vc_column_text disable_pattern=\"false\" css=\".vc_custom_1594225854784{margin-bottom: 0px !important;}\"]\r\n<p style=\"text-align: justify;\">La psicolog\u00eda como disciplina acad\u00e9mica est\u00e1 enfocada en el an\u00e1lisis y la comprensi\u00f3n de la conducta humana y de los procesos mentales experimentados por individuos y por grupos sociales durante momentos y situaciones determinadas.<\/p>\r\n<p style=\"text-align: justify;\">En este sentido desde la perspectiva del \u00e1rea se interesa fortalecer en diversos procesos Como la percepci\u00f3n, la motivaci\u00f3n, la inteligencia, el aprendizaje, el pensamiento, la personalidad, habilidades sociales, como tambi\u00e9n funcionamiento bioqu\u00edmico del cerebro.<\/p>\r\n[\/vc_column_text][mk_padding_divider size=\"60\" visibility=\"visible-sm\"][\/vc_column][\/mk_page_section][mk_page_section layout_structure=\"half_right\" bg_image=\"https:\/\/avanzasaludips.com\/php\/wp-content\/uploads\/2020\/07\/otros-servicios.jpg\" bg_image_portrait=\"https:\/\/avanzasaludips.com\/php\/wp-content\/uploads\/2020\/07\/otros-servicios.jpg\" min_height=\"720\"][vc_column][mk_padding_divider size=\"100\"][mk_fancy_title color=\"#000000\" size=\"32\" force_font_size=\"true\" size_tablet=\"24\" size_phone=\"26\" font_weight=\"bold\" txt_transform=\"uppercase\" margin_bottom=\"0\" font_family=\"none\" responsive_align=\"left\" animation=\"left-to-right\"]OTROS SERVICIOS\r\n[\/mk_fancy_title][vc_column_text disable_pattern=\"false\" css=\".vc_custom_1594072284743{margin-bottom: 0px !important;}\"]\r\n<ul>\r\n \t<li><span class=\"hidden-tablet\">Neurolog\u00eda<\/span><\/li>\r\n \t<li><span class=\"hidden-tablet\">Neuropsicolog\u00eda<\/span><\/li>\r\n<\/ul>\r\n[\/vc_column_text][mk_padding_divider size=\"60\" visibility=\"visible-sm\"][\/vc_column][\/mk_page_section][mk_page_section bg_color=\"#a8cf45\" padding_top=\"40\" padding_bottom=\"40\" sidebar=\"sidebar-1\"][vc_column][mk_fancy_title tag_name=\"h4\" color=\"#ffffff\" size=\"48\" force_font_size=\"true\" size_tablet=\"40\" font_weight=\"400\" txt_transform=\"none\" margin_top=\"15\" margin_bottom=\"0\" font_family=\"Poppins\" font_type=\"google\" align=\"center\" animation=\"top-to-bottom\"]Inquietudes o sugerencias[\/mk_fancy_title][mk_button dimension=\"outline\" size=\"medium\" url=\"https:\/\/api.whatsapp.com\/send?phone=573184570745\" target=\"_blank\" align=\"center\" margin_bottom=\"0\" margin_right=\"0\" animation=\"fade-in\" outline_skin=\"custom\" outline_active_color=\"#ffffff\" outline_active_text_color=\"#ffffff\" outline_hover_bg_color=\"#72d5e7\" outline_hover_color=\"#ffffff\"]Escr\u00edbenos [\/mk_button][\/vc_column][\/mk_page_section]","_et_gb_content_width":"","footnotes":""},"class_list":["post-5192","page","type-page","status-publish","hentry"],"_links":{"self":[{"href":"https:\/\/avanzasaludips.com\/php\/wp-json\/wp\/v2\/pages\/5192","targetHints":{"allow":["GET"]}}],"collection":[{"href":"https:\/\/avanzasaludips.com\/php\/wp-json\/wp\/v2\/pages"}],"about":[{"href":"https:\/\/avanzasaludips.com\/php\/wp-json\/wp\/v2\/types\/page"}],"author":[{"embeddable":true,"href":"https:\/\/avanzasaludips.com\/php\/wp-json\/wp\/v2\/users\/1"}],"replies":[{"embeddable":true,"href":"https:\/\/avanzasaludips.com\/php\/wp-json\/wp\/v2\/comments?post=5192"}],"version-history":[{"count":0,"href":"https:\/\/avanzasaludips.com\/php\/wp-json\/wp\/v2\/pages\/5192\/revisions"}],"wp:attachment":[{"href":"https:\/\/avanzasaludips.com\/php\/wp-json\/wp\/v2\/media?parent=5192"}],"curies":[{"name":"wp","href":"https:\/\/api.w.org\/{rel}","templated":true}]}}